{"id":89,"date":"2016-02-11T08:50:15","date_gmt":"2016-02-11T08:50:15","guid":{"rendered":"http:\/\/themes.muffingroup.com\/be\/tea\/?page_id=2"},"modified":"2026-02-17T08:59:20","modified_gmt":"2026-02-17T07:59:20","slug":"home","status":"publish","type":"page","link":"https:\/\/babadlo.sk\/bratislava\/home\/","title":{"rendered":"DOMOV"},"content":{"rendered":"<div class=\"wpb-content-wrapper\"><p>[vc_row full_width=&#8220;stretch_row_content_no_spaces&#8220;][vc_column][vc_single_image image=&#8220;5706&#8243; img_size=&#8220;full&#8220; alignment=&#8220;center&#8220; css=&#8220;.vc_custom_1714683646173{margin-top: 0px !important;margin-right: 0px !important;margin-bottom: -10px !important;margin-left: 0px !important;border-top-width: 0px !important;border-right-width: 0px !important;border-bottom-width: 0px !important;border-left-width: 0px !important;padding-top: 0px !important;padding-right: 0px !important;padding-bottom: 0px !important;padding-left: 0px !important;}&#8220;][\/vc_column][\/vc_row][vc_row disable_element=&#8220;yes&#8220;][vc_column][vc_column_text]<\/p>\n<h3><\/h3>\n<h3 style=\"text-align: center;\">NAJBLI\u017d\u0160IE HR\u00c1ME:<\/h3>\n<p><img loading=\"lazy\" decoding=\"async\" class=\"wp-image-1420 size-full aligncenter\" src=\"https:\/\/babadlo.sk\/wp-content\/uploads\/2016\/11\/predel_maly_cerveny.png\" width=\"85\" height=\"35\" \/>[\/vc_column_text][vc_row_inner][vc_column_inner width=&#8220;1\/2&#8243;]<div tabindex=\"0\" class=\"ult-new-ib ult-ib-effect-style1  ult-ib-resp  \" data-min-width=\"768\" data-max-width=\"900\" style=\"background:#0a0a0a;\" data-opacity=\"1\" data-hover-opacity=\"0.4\" ><img decoding=\"async\" class=\"ult-new-ib-img\" style=\"opacity:1;\" alt=\"O malom nerv\u00f3znom prasiatku\" src=\"https:\/\/babadlo.sk\/wp-content\/uploads\/2016\/07\/019-4.jpg\"   \/><div id=\"interactive-banner-wrap-6362\" class=\"ult-new-ib-desc\" style=\"\"><h2 class=\"ult-new-ib-title ult-responsive\"  data-ultimate-target='#interactive-banner-wrap-6362 .ult-new-ib-title'  data-responsive-json-new='{\"font-size\":\"\",\"line-height\":\"\"}'  style=\"font-weight:normal;color:#ffffff;\">O malom nerv\u00f3znom prasiatku<\/h2><div class=\"ult-new-ib-content ult-responsive\"  data-ultimate-target='#interactive-banner-wrap-6362 .ult-new-ib-content'  data-responsive-json-new='{\"font-size\":\"\",\"line-height\":\"\"}'  style=\"font-weight:normal;\"><p>14. 1. 2024 o 16:00, divadlo Babadlo Pre\u0161ov <\/p><\/div><\/div><a class=\"ult-new-ib-link\" href=\"https:\/\/babadlo.sk\/program\/repertoar\/o-malom-nervoznom-prasiatku\/\" title=\"O malom nerv\u00f3znom prasiatku\"  ><\/a><\/div><div tabindex=\"0\" class=\"ult-new-ib ult-ib-effect-  ult-ib-resp  \" data-min-width=\"768\" data-max-width=\"900\" style=\"\" data-opacity=\"1\" data-hover-opacity=\"1\" ><div id=\"interactive-banner-wrap-8883\" class=\"ult-new-ib-desc\" style=\"\"><h2 class=\"ult-new-ib-title ult-responsive\"  data-ultimate-target='#interactive-banner-wrap-8883 .ult-new-ib-title'  data-responsive-json-new='{\"font-size\":\"\",\"line-height\":\"\"}'  style=\"font-weight:normal;\"><\/h2><\/div><\/div>[\/vc_column_inner][vc_column_inner width=&#8220;1\/2&#8243;][vc_column_text el_id=&#8220;N\u00e1zov domov&#8220;]<\/p>\n<h4 style=\"text-align: center;\"><a href=\"https:\/\/babadlo.sk\/program\/repertoar\/o-malom-nervoznom-prasiatku\/\"><i>O malom nerv\u00f3znom prasiatku<\/i><\/a><\/h4>\n<h6 style=\"text-align: center;\"><a href=\"https:\/\/babadlo.sk\/program\/repertoar\/o-malom-nervoznom-prasiatku\/\"><strong>14. 1. 2024 o 16:00, divadlo Babadlo, Pre\u0161ov<\/strong><\/a><\/h6>\n<div style=\"margin-left: auto; text-align: center;\">\n<p><a href=\"https:\/\/rezervovane.sk\/o-malom-nervoznom-prasiatku\"><button class=\"wpcf7-form-control wpcf7-submit\">REZERVOVA\u0164<\/button><\/a><\/p>\n<\/div>\n<p>[\/vc_column_text][vc_column_text css_animation=&#8220;none&#8220;]<\/p>\n<p><strong>Scen\u00e1r :<\/strong>\u00a0Juraj G. Mandel<br \/>\n<strong>R\u00e9\u017eia :<\/strong>\u00a0Juraj G. Mandel<br \/>\n<strong>V\u00fdprava :<\/strong>\u00a0Juraj G. Mandel<br \/>\n<strong>Hraj\u00fa :<\/strong>\u00a0Luk\u00e1\u0161 \u0160ept\u00e1k<\/p>\n<p>Pr\u00edbeh mal\u00e9ho prasiatka sa odohr\u00e1va na dvor\u010deku, kde stret\u00e1va zvieratk\u00e1, o\u00a0ktor\u00fdch ni\u010d nevie. Preto je nerv\u00f3zne, \u010di mu nie\u010do nespravia, nezjedia alebo nezober\u00fa. Ak by v\u0161ak vedelo, \u010do pap\u00e1 zaja\u010dik, ako b\u00fdva koh\u00fat a kde si zh\u00e1\u0148a potravu sliepo\u010dka, prestalo by sa b\u00e1\u0165. E\u0161te\u017ee je tu m\u00fadra gazdin\u00e1 a\u00a0gazda\u2026<\/p>\n<p><strong><em>Predstavenie pre deti od 3 rokov<br \/>\nD\u013a\u017eka predstavenia : 40 min<\/em><\/strong><br \/>\nTechnick\u00e9 po\u017eiadavky: priestor 2,5\u00d72,5\u00a0m, nemus\u00ed by\u0165 divadeln\u00e1\u00a0s\u00e1la<\/p>\n<div class=\"wpb_text_column wpb_content_element \">\n<div class=\"wpb_wrapper\"><\/div>\n<\/div>\n<p>[\/vc_column_text][\/vc_column_inner][\/vc_row_inner][vc_single_image image=&#8220;1422&#8243; img_size=&#8220;full&#8220; alignment=&#8220;center&#8220;][\/vc_column][\/vc_row][vc_row][vc_column][vc_column_text]<\/p>\n<p>[\/vc_column_text][\/vc_column][\/vc_row][vc_row][vc_column width=&#8220;1\/3&#8243;]<div tabindex=\"0\" class=\"ult-new-ib ult-ib-effect-style1  ult-ib-resp  \" data-min-width=\"768\" data-max-width=\"900\" style=\"background:#000000;\" data-opacity=\"1\" data-hover-opacity=\"0.2\" ><img decoding=\"async\" class=\"ult-new-ib-img\" style=\"opacity:1;\" alt=\"null\" src=\"https:\/\/babadlo.sk\/bratislava\/wp-content\/uploads\/sites\/2\/2024\/12\/divadelne-predstavenie-Ako-psicek-a-macicka.jpg\"   \/><div id=\"interactive-banner-wrap-2657\" class=\"ult-new-ib-desc\" style=\"\"><h2 class=\"ult-new-ib-title ult-responsive\"  data-ultimate-target='#interactive-banner-wrap-2657 .ult-new-ib-title'  data-responsive-json-new='{\"font-size\":\"desktop:32px;\",\"line-height\":\"\"}'  style=\"font-weight:bold;\">AKO PS\u00cd\u010cEK A MA\u010cI\u010cKA...<\/h2><div class=\"ult-new-ib-content ult-responsive\"  data-ultimate-target='#interactive-banner-wrap-2657 .ult-new-ib-content'  data-responsive-json-new='{\"font-size\":\"\",\"line-height\":\"\"}'  style=\"font-weight:normal;\"><p>Rozsahom neve\u013ek\u00e1, ale umelecky v\u00fdznamn\u00e1 tvorba Josefa \u010capka ur\u010den\u00e1 pre deti a ml\u00e1de\u017e (ale rovnako i dospel\u00fdm) u\u017e d\u00e1vno patr\u00ed do klasick\u00e9ho fondu \u010deskej literat\u00fary ...<\/p><\/div><\/div><a class=\"ult-new-ib-link\" href=\"https:\/\/babadlo.sk\/bratislava\/program\/repertoar\/ako-psicek-a-macicka\/\" title=\"Ako ps\u00ed\u010dek a ma\u010di\u010dka\u2026\"  ><\/a><\/div>[\/vc_column][vc_column width=&#8220;1\/3&#8243;]<div tabindex=\"0\" class=\"ult-new-ib ult-ib-effect-style1  ult-ib-resp  \" data-min-width=\"768\" data-max-width=\"900\" style=\"background:#000000;\" data-opacity=\"1\" data-hover-opacity=\"0.2\" ><img decoding=\"async\" class=\"ult-new-ib-img\" style=\"opacity:1;\" alt=\"null\" src=\"https:\/\/babadlo.sk\/bratislava\/wp-content\/uploads\/sites\/2\/2025\/02\/Kaciatko-scaled.jpg\"   \/><div id=\"interactive-banner-wrap-2328\" class=\"ult-new-ib-desc\" style=\"\"><h2 class=\"ult-new-ib-title ult-responsive\"  data-ultimate-target='#interactive-banner-wrap-2328 .ult-new-ib-title'  data-responsive-json-new='{\"font-size\":\"desktop:18px;\",\"line-height\":\"\"}'  style=\"font-weight:bold;\">\u0160kared\u00e9 ka\u010diatko<\/h2><div class=\"ult-new-ib-content ult-responsive\"  data-ultimate-target='#interactive-banner-wrap-2328 .ult-new-ib-content'  data-responsive-json-new='{\"font-size\":\"\",\"line-height\":\"\"}'  style=\"font-weight:normal;\"><p>Kde je skuto\u010dn\u00fd domov a kde je ukryt\u00e1 naozajstn\u00e1 kr\u00e1sa? Odpove\u010f mo\u017eno n\u00e1jde pani Hortenzia Swanov\u00e1, ktor\u00e1 na ceste z dovolenky, tak tro\u0161ku zabl\u00fadila. Jej kufor je pln\u00fd...<\/p><\/div><\/div><a class=\"ult-new-ib-link\" href=\"https:\/\/babadlo.sk\/bratislava\/program\/repertoar\/skarede-kaciatko\/\" title=\"\u0160kared\u00e9 ka\u010diatko\"  ><\/a><\/div>[\/vc_column][vc_column width=&#8220;1\/3&#8243;]<div tabindex=\"0\" class=\"ult-new-ib ult-ib-effect-style1  ult-ib-resp  \" data-min-width=\"768\" data-max-width=\"900\" style=\"background:#000000;\" data-opacity=\"1\" data-hover-opacity=\"0.2\" ><img decoding=\"async\" class=\"ult-new-ib-img\" style=\"opacity:1;\" alt=\"null\" src=\"https:\/\/babadlo.sk\/bratislava\/wp-content\/uploads\/sites\/2\/2025\/04\/do-repertoara-scaled.jpg\"   \/><div id=\"interactive-banner-wrap-1081\" class=\"ult-new-ib-desc\" style=\"\"><h2 class=\"ult-new-ib-title ult-responsive\"  data-ultimate-target='#interactive-banner-wrap-1081 .ult-new-ib-title'  data-responsive-json-new='{\"font-size\":\"desktop:18px;\",\"line-height\":\"\"}'  style=\"font-weight:bold;\">Ako sova l\u00ed\u0161ke b\u00e1jky \u010d\u00edtala<\/h2><div class=\"ult-new-ib-content ult-responsive\"  data-ultimate-target='#interactive-banner-wrap-1081 .ult-new-ib-content'  data-responsive-json-new='{\"font-size\":\"\",\"line-height\":\"\"}'  style=\"font-weight:normal;\"><p>Rozpr\u00e1vka zo zvieracej r\u00ed\u0161e, v ktorej sa sn\u00fabi nieko\u013eko zn\u00e1mych pr\u00edbehov najzn\u00e1mej\u0161ieho gr\u00e9ckeho b\u00e1jkara Ezopa. Tak, ako je v jeho b\u00e1jkach \u010dast\u00fdm hrdinom l\u00ed\u0161ka, tak aj v na\u0161om sprev\u00e1dza div\u00e1ka...<\/p><\/div><\/div><a class=\"ult-new-ib-link\" href=\"https:\/\/babadlo.sk\/bratislava\/ako-sova-liske-bajky-citala\/\" title=\"Ako sova l\u00ed\u0161ke b\u00e1jky \u010d\u00edtala\"  ><\/a><\/div>[\/vc_column][\/vc_row][vc_row][vc_column width=&#8220;1\/3&#8243;]<div tabindex=\"0\" class=\"ult-new-ib ult-ib-effect-style1  ult-ib-resp  \" data-min-width=\"768\" data-max-width=\"900\" style=\"background:#000000;\" data-opacity=\"1\" data-hover-opacity=\"0.2\" ><img decoding=\"async\" class=\"ult-new-ib-img\" style=\"opacity:1;\" alt=\"null\" src=\"https:\/\/babadlo.sk\/bratislava\/wp-content\/uploads\/sites\/2\/2025\/08\/divadelene-predstavenie-Danka-a-Janka.jpg\"   \/><div id=\"interactive-banner-wrap-9807\" class=\"ult-new-ib-desc\" style=\"\"><h2 class=\"ult-new-ib-title ult-responsive\"  data-ultimate-target='#interactive-banner-wrap-9807 .ult-new-ib-title'  data-responsive-json-new='{\"font-size\":\"desktop:32px;\",\"line-height\":\"\"}'  style=\"font-weight:bold;\">Danka a Janka<\/h2><div class=\"ult-new-ib-content ult-responsive\"  data-ultimate-target='#interactive-banner-wrap-9807 .ult-new-ib-content'  data-responsive-json-new='{\"font-size\":\"\",\"line-height\":\"\"}'  style=\"font-weight:normal;\"><p>S\u00fa to dve sestry. S\u00fa \u00faplne rovnak\u00e9. Danka je ako Janka a Janka ako Danka. Ich dobrodru\u017estv\u00e1 s \u010dlovie\u010dikom z bud\u00edka, s Gevenduchou, s medve\u010fom Demeterom V\u00e1m porozpr\u00e1vaj\u00fa dve \u00faplne rovnak\u00e9 diev\u010dat\u00e1 \u2013 Danka a Janka.<\/p><\/div><\/div><a class=\"ult-new-ib-link\" href=\"https:\/\/babadlo.sk\/bratislava\/program\/repertoar\/danka-a-janka\/\" title=\"Danka a Janka\"  ><\/a><\/div><div tabindex=\"0\" class=\"ult-new-ib ult-ib-effect-style1  ult-ib-resp  \" data-min-width=\"768\" data-max-width=\"900\" style=\"background:#000000;\" data-opacity=\"1\" data-hover-opacity=\"0.2\" ><img decoding=\"async\" class=\"ult-new-ib-img\" style=\"opacity:1;\" alt=\"null\" src=\"https:\/\/babadlo.sk\/bratislava\/wp-content\/uploads\/sites\/2\/2026\/02\/divadelene-predstavenie-ako-islo-vajce-do-sveta.jpg\"   \/><div id=\"interactive-banner-wrap-6539\" class=\"ult-new-ib-desc\" style=\"\"><h2 class=\"ult-new-ib-title ult-responsive\"  data-ultimate-target='#interactive-banner-wrap-6539 .ult-new-ib-title'  data-responsive-json-new='{\"font-size\":\"desktop:32px;\",\"line-height\":\"\"}'  style=\"font-weight:bold;\">AKO I\u0160LO VAJCE DO SVETA<\/h2><div class=\"ult-new-ib-content ult-responsive\"  data-ultimate-target='#interactive-banner-wrap-6539 .ult-new-ib-content'  data-responsive-json-new='{\"font-size\":\"\",\"line-height\":\"\"}'  style=\"font-weight:normal;\"><p>Pr\u00edbehovo aktu\u00e1lna t\u00e9ma. \u013dudia cestuj\u00faci po svete za pr\u00e1cou, za \u0161t\u00fadiom, za oddychom. Pr\u00edbeh o stato\u010dnom slovenskom vajci hovor\u00ed aj o tejto t\u00e9me. V na\u0161om pr\u00edbehu sa poberie...<\/p><\/div><\/div><a class=\"ult-new-ib-link\" href=\"https:\/\/babadlo.sk\/program\/repertoar\/ako-islo-vajce-do-sveta\/\" title=\"Ako i\u0161lo vajce do sveta\"  ><\/a><\/div>[\/vc_column][vc_column width=&#8220;1\/3&#8243;]<div tabindex=\"0\" class=\"ult-new-ib ult-ib-effect-style1  ult-ib-resp  \" data-min-width=\"768\" data-max-width=\"900\" style=\"background:#000000;\" data-opacity=\"1\" data-hover-opacity=\"0.2\" ><img decoding=\"async\" class=\"ult-new-ib-img\" style=\"opacity:1;\" alt=\"null\" src=\"https:\/\/babadlo.sk\/bratislava\/wp-content\/uploads\/sites\/2\/2025\/09\/VOjacik-scaled.jpeg\"   \/><div id=\"interactive-banner-wrap-5229\" class=\"ult-new-ib-desc\" style=\"\"><h2 class=\"ult-new-ib-title ult-responsive\"  data-ultimate-target='#interactive-banner-wrap-5229 .ult-new-ib-title'  data-responsive-json-new='{\"font-size\":\"desktop:32px;\",\"line-height\":\"\"}'  style=\"font-weight:bold;\">Stato\u010dn\u00fd c\u00ednov\u00fd voja\u010dik<\/h2><div class=\"ult-new-ib-content ult-responsive\"  data-ultimate-target='#interactive-banner-wrap-5229 .ult-new-ib-content'  data-responsive-json-new='{\"font-size\":\"\",\"line-height\":\"\"}'  style=\"font-weight:normal;\"><p>Nesmrte\u013en\u00fd pr\u00edbeh l\u00e1sky kr\u00e1snej tane\u010dnice a stato\u010dn\u00e9ho vojaka s jednou nohou v spracovan\u00ed aj pre najmen\u0161\u00edch div\u00e1kov. Umenie H.CH. Andersena m\u00e1 aj v dne\u0161nej d...<\/p><\/div><\/div><a class=\"ult-new-ib-link\" href=\"https:\/\/babadlo.sk\/bratislava\/statocny-cinovy-vojacik\/\" title=\"Stato\u010dn\u00fd c\u00ednov\u00fd voja\u010dik\"  ><\/a><\/div><div tabindex=\"0\" class=\"ult-new-ib ult-ib-effect-style1  ult-ib-resp  \" data-min-width=\"768\" data-max-width=\"900\" style=\"background:#000000;\" data-opacity=\"1\" data-hover-opacity=\"0.2\" ><img decoding=\"async\" class=\"ult-new-ib-img\" style=\"opacity:1;\" alt=\"null\" src=\"https:\/\/babadlo.sk\/bratislava\/wp-content\/uploads\/sites\/2\/2026\/02\/sipkova.jpg\"   \/><div id=\"interactive-banner-wrap-3207\" class=\"ult-new-ib-desc\" style=\"\"><h2 class=\"ult-new-ib-title ult-responsive\"  data-ultimate-target='#interactive-banner-wrap-3207 .ult-new-ib-title'  data-responsive-json-new='{\"font-size\":\"desktop:18px;\",\"line-height\":\"\"}'  style=\"font-weight:bold;\">\u0160\u00cdPKOV\u00c1 RU\u017dENKA<\/h2><div class=\"ult-new-ib-content ult-responsive\"  data-ultimate-target='#interactive-banner-wrap-3207 .ult-new-ib-content'  data-responsive-json-new='{\"font-size\":\"\",\"line-height\":\"\"}'  style=\"font-weight:normal;\"><p>Kde bolo tam bolo\u2026 Bolo raz jedno mal\u00e9 ru\u017eov\u00e9 kr\u00e1\u013eovstvo. Od hory k hore sa rozprestieralo a ktoko\u013evek do toho kr\u00e1\u013eovstva vo\u0161iel otv\u00e1rali ...<\/p><\/div><\/div><a class=\"ult-new-ib-link\" href=\"https:\/\/babadlo.sk\/program\/repertoar\/sipkova-ruzenka\/\" title=\"\u0160\u00edpkov\u00e1 Ru\u017eenka\"  ><\/a><\/div>[\/vc_column][vc_column width=&#8220;1\/3&#8243;]<div tabindex=\"0\" class=\"ult-new-ib ult-ib-effect-style1  ult-ib-resp  \" data-min-width=\"768\" data-max-width=\"900\" style=\"background:#000000;\" data-opacity=\"1\" data-hover-opacity=\"0.2\" ><img decoding=\"async\" class=\"ult-new-ib-img\" style=\"opacity:1;\" alt=\"null\" src=\"https:\/\/babadlo.sk\/bratislava\/wp-content\/uploads\/sites\/2\/2025\/02\/Palculienka-scaled.jpg\"   \/><div id=\"interactive-banner-wrap-2097\" class=\"ult-new-ib-desc\" style=\"\"><h2 class=\"ult-new-ib-title ult-responsive\"  data-ultimate-target='#interactive-banner-wrap-2097 .ult-new-ib-title'  data-responsive-json-new='{\"font-size\":\"desktop:18px;\",\"line-height\":\"\"}'  style=\"font-weight:bold;\">Palculienka<\/h2><div class=\"ult-new-ib-content ult-responsive\"  data-ultimate-target='#interactive-banner-wrap-2097 .ult-new-ib-content'  data-responsive-json-new='{\"font-size\":\"\",\"line-height\":\"\"}'  style=\"font-weight:normal;\"><p>\u010co sa udeje, ke\u010f pani kraj\u010d\u00edrka Filom\u00e9na od\u00edde od svojho \u0161ijacieho stroja? Mal\u00e1 nedo\u0161it\u00e1 b\u00e1bika o\u017e\u00edva a objavuje \u010darovn\u00fd svet nitiek, gomb\u00edkov a kor\u00e1lok. N\u00e1jde si domov v ....<\/p><\/div><\/div><a class=\"ult-new-ib-link\" href=\"https:\/\/babadlo.sk\/bratislava\/program\/repertoar\/palculienka-2\/\" title=\"Palculienka\"  ><\/a><\/div><div tabindex=\"0\" class=\"ult-new-ib ult-ib-effect-style1  ult-ib-resp  \" data-min-width=\"768\" data-max-width=\"900\" style=\"background:#000000;\" data-opacity=\"1\" data-hover-opacity=\"0.2\" ><img decoding=\"async\" class=\"ult-new-ib-img\" style=\"opacity:1;\" alt=\"null\" src=\"https:\/\/babadlo.sk\/bratislava\/wp-content\/uploads\/sites\/2\/2025\/09\/Vianoce-s-Kulisiakom-scaled.jpeg\"   \/><div id=\"interactive-banner-wrap-3141\" class=\"ult-new-ib-desc\" style=\"\"><h2 class=\"ult-new-ib-title ult-responsive\"  data-ultimate-target='#interactive-banner-wrap-3141 .ult-new-ib-title'  data-responsive-json-new='{\"font-size\":\"desktop:32px;\",\"line-height\":\"\"}'  style=\"font-weight:bold;\">Vianoce s Kuli\u0161iakom<\/h2><div class=\"ult-new-ib-content ult-responsive\"  data-ultimate-target='#interactive-banner-wrap-3141 .ult-new-ib-content'  data-responsive-json-new='{\"font-size\":\"\",\"line-height\":\"\"}'  style=\"font-weight:normal;\"><p>\u010co sa to deje ? Kto to klope na dvere? My\u0161ka Eli\u0161ka s vt\u00e1\u010dikom Jarab\u00e1\u010dikom spolu \u017eij\u00fa v chal\u00fapke a prich\u00e1dza k nim hos\u0165 \u2026<\/p><\/div><\/div><a class=\"ult-new-ib-link\" href=\"https:\/\/babadlo.sk\/bratislava\/program\/repertoar\/vianoce-s-kulisiakom\/\" title=\"Vianoce s Kuli\u0161iakom\"  ><\/a><\/div>[\/vc_column][\/vc_row][vc_row][vc_column width=&#8220;1\/6&#8243;][\/vc_column][vc_column width=&#8220;1\/3&#8243;][\/vc_column][vc_column width=&#8220;1\/3&#8243;][\/vc_column][vc_column width=&#8220;1\/6&#8243;][\/vc_column][\/vc_row][vc_row][vc_column width=&#8220;1\/3&#8243;][\/vc_column][vc_column width=&#8220;1\/3&#8243;][\/vc_column][vc_column width=&#8220;1\/3&#8243;][\/vc_column][\/vc_row][vc_row disable_element=&#8220;yes&#8220;][vc_column width=&#8220;1\/3&#8243;]<div tabindex=\"0\" class=\"ult-new-ib ult-ib-effect-style1  ult-ib-resp  \" data-min-width=\"768\" data-max-width=\"900\" style=\"background:#000000;\" data-opacity=\"1\" data-hover-opacity=\"0.2\" ><img decoding=\"async\" class=\"ult-new-ib-img\" style=\"opacity:1;\" alt=\"null\" src=\"https:\/\/babadlo.sk\/bratislava\/wp-content\/uploads\/sites\/2\/2025\/09\/Pacmaga-2-scaled.jpeg\"   \/><div id=\"interactive-banner-wrap-5145\" class=\"ult-new-ib-desc\" style=\"\"><h2 class=\"ult-new-ib-title ult-responsive\"  data-ultimate-target='#interactive-banner-wrap-5145 .ult-new-ib-title'  data-responsive-json-new='{\"font-size\":\"desktop:32px;\",\"line-height\":\"\"}'  style=\"font-weight:bold;\">Ako baba Pa\u010dmaga \u017een\u00edcha zh\u00e1\u0148ala<\/h2><div class=\"ult-new-ib-content ult-responsive\"  data-ultimate-target='#interactive-banner-wrap-5145 .ult-new-ib-content'  data-responsive-json-new='{\"font-size\":\"\",\"line-height\":\"\"}'  style=\"font-weight:normal;\"><p>Neviete kto je Pa\u010dmaga? Tak to je v sukni to, \u010do v nohaviciach odro\u0148. No, \u017ee ani to v\u00e1m ve\u013emi nepomohlo aby ste vedeli kto je Pa\u010dmaga? Pr\u00ed\u010fte sa pozrie\u0165 na na\u0161e predstavenie a raz nav\u017edy to vedie\u0165 budete. <\/p><\/div><\/div><a class=\"ult-new-ib-link\" href=\"https:\/\/babadlo.sk\/bratislava\/program\/repertoar\/ako-baba-pacmaga-zenicha-zhanala\/\" title=\"Ako baba Pa\u010dmaga \u017een\u00edcha zh\u00e1\u0148ala\"  ><\/a><\/div><div tabindex=\"0\" class=\"ult-new-ib ult-ib-effect-style1  ult-ib-resp  \" data-min-width=\"768\" data-max-width=\"900\" style=\"background:#000000;\" data-opacity=\"1\" data-hover-opacity=\"0.4\" ><img decoding=\"async\" class=\"ult-new-ib-img\" style=\"opacity:1;\" alt=\"null\" src=\"https:\/\/babadlo.sk\/bratislava\/wp-content\/uploads\/sites\/2\/2025\/02\/Pes-a-macka-scaled.jpg\"   \/><div id=\"interactive-banner-wrap-5551\" class=\"ult-new-ib-desc\" style=\"\"><h2 class=\"ult-new-ib-title ult-responsive\"  data-ultimate-target='#interactive-banner-wrap-5551 .ult-new-ib-title'  data-responsive-json-new='{\"font-size\":\"\",\"line-height\":\"\"}'  style=\"font-weight:normal;\">AKO PS\u00cd\u010cEK A MA\u010cI\u010cKA...<\/h2><div class=\"ult-new-ib-content ult-responsive\"  data-ultimate-target='#interactive-banner-wrap-5551 .ult-new-ib-content'  data-responsive-json-new='{\"font-size\":\"\",\"line-height\":\"\"}'  style=\"font-weight:normal;\"><p>Rozsahom neve\u013ek\u00e1, ale umelecky v\u00fdznamn\u00e1 tvorba Josefa \u010capka ur\u010den\u00e1 pre deti a ml\u00e1de\u017e (ale rovnako i dospel\u00fdm) u\u017e d\u00e1vno patr\u00ed do klasick\u00e9ho fondu \u010deskej literat\u00fary. Kultivovane, umne v sebe sp\u00e1ja komick\u00fd, z\u00e1bavn\u00fd aspekt s \u013eudskou m\u00fadros\u0165ou a to bolo d\u00f4vodom n\u00e1\u0161ho divadla siahnu\u0165 po vtipn\u00fdch a m\u00fadrych pr\u00edbehoch ps\u00ed\u010dka a ma\u010di\u010dky <\/p><\/div><\/div><a class=\"ult-new-ib-link\" href=\"https:\/\/babadlo.sk\/bratislava\/program\/repertoar\/ako-psicek-a-macicka\/\" title=\"AKO PS\u00cd\u010cEK A MA\u010cI\u010cKA...\"  ><\/a><\/div>[\/vc_column][vc_column width=&#8220;1\/3&#8243;]<div tabindex=\"0\" class=\"ult-new-ib ult-ib-effect-style1  ult-ib-resp  \" data-min-width=\"768\" data-max-width=\"900\" style=\"background:#000000;\" data-opacity=\"1\" data-hover-opacity=\"0.4\" ><img decoding=\"async\" class=\"ult-new-ib-img\" style=\"opacity:1;\" alt=\"null\" src=\"https:\/\/babadlo.sk\/bratislava\/wp-content\/uploads\/sites\/2\/2024\/12\/IMG_2170-1-scaled.jpg\"   \/><div id=\"interactive-banner-wrap-9248\" class=\"ult-new-ib-desc\" style=\"\"><h2 class=\"ult-new-ib-title ult-responsive\"  data-ultimate-target='#interactive-banner-wrap-9248 .ult-new-ib-title'  data-responsive-json-new='{\"font-size\":\"\",\"line-height\":\"\"}'  style=\"font-weight:normal;\">Od Ondreja do troch kr\u00e1\u013eov<\/h2><div class=\"ult-new-ib-content ult-responsive\"  data-ultimate-target='#interactive-banner-wrap-9248 .ult-new-ib-content'  data-responsive-json-new='{\"font-size\":\"\",\"line-height\":\"\"}'  style=\"font-weight:normal;\"><p>S jese\u0148ou prich\u00e1dza aj kr\u00e1sne obdobie predviano\u010dn\u00e9. Na\u0161i predkovia mali s t\u00fdmto obdob\u00edm spojenie aj s pr\u00edrodou aj s r\u00f4znymi zvyklos\u0165ami .<br \/>\n\u010co sa dialo na Ondreja ?Pre\u010do sa stra\u0161ilo od Barbory ?<\/p><\/div><\/div><a class=\"ult-new-ib-link\" href=\"https:\/\/babadlo.sk\/bratislava\/od-ondreja-do-troch-kralov\/\"  ><\/a><\/div>[\/vc_column][vc_column width=&#8220;1\/3&#8243;]<div tabindex=\"0\" class=\"ult-new-ib ult-ib-effect-style1  ult-ib-resp  \" data-min-width=\"768\" data-max-width=\"900\" style=\"background:#000000;\" data-opacity=\"1\" data-hover-opacity=\"0.4\" ><img decoding=\"async\" class=\"ult-new-ib-img\" style=\"opacity:1;\" alt=\"null\" src=\"https:\/\/babadlo.sk\/bratislava\/wp-content\/uploads\/sites\/2\/2025\/02\/Kaciatko-scaled.jpg\"   \/><div id=\"interactive-banner-wrap-2122\" class=\"ult-new-ib-desc\" style=\"\"><h2 class=\"ult-new-ib-title ult-responsive\"  data-ultimate-target='#interactive-banner-wrap-2122 .ult-new-ib-title'  data-responsive-json-new='{\"font-size\":\"\",\"line-height\":\"\"}'  style=\"font-weight:normal;\">\u0160KARED\u00c9 KA\u010cIATKO<\/h2><div class=\"ult-new-ib-content ult-responsive\"  data-ultimate-target='#interactive-banner-wrap-2122 .ult-new-ib-content'  data-responsive-json-new='{\"font-size\":\"\",\"line-height\":\"\"}'  style=\"font-weight:normal;\"><p>Kde je skuto\u010dn\u00fd domov a kde je ukryt\u00e1 naozajstn\u00e1 kr\u00e1sa? Odpove\u010f mo\u017eno n\u00e1jde pani Hortenzia Swanov\u00e1, ktor\u00e1 na ceste z dovolenky, tak tro\u0161ku zabl\u00fadila. Jej kufor je pln\u00fd na prv\u00fd poh\u013ead \u00faplne oby\u010dajn\u00fdch vec\u00ed.<\/p><\/div><\/div><a class=\"ult-new-ib-link\" href=\"https:\/\/babadlo.sk\/bratislava\/program\/repertoar\/skarede-kaciatko\/\" title=\"\u0160kared\u00e9 ka\u010diatko\"  ><\/a><\/div>[\/vc_column][\/vc_row][vc_row disable_element=&#8220;yes&#8220; css=&#8220;.vc_custom_1724159615860{padding-top: 15px !important;padding-bottom: 15px !important;}&#8220;][vc_column][\/vc_column][vc_column_text]<\/p>\n<p>I am text block. Click edit button to change this text. Lorem ipsum dolor sit amet, consectetur adipiscing elit. Ut elit tellus, luctus nec ullamcorper mattis, pulvinar dapibus leo.<\/p>\n<p>[\/vc_column_text][\/vc_row][vc_column width=&#8220;1\/2&#8243;][\/vc_column][vc_column width=&#8220;1\/2&#8243;][\/vc_column]<\/p>\n<\/div>","protected":false},"excerpt":{"rendered":"<p>[vc_row full_width=&#8220;stretch_row_content_no_spaces&#8220;][vc_column][vc_single_image image=&#8220;5706&#8243; img_size=&#8220;full&#8220; alignment=&#8220;center&#8220; css=&#8220;.vc_custom_1714683646173{margin-top: 0px !important;margin-right: 0px !important;margin-bottom: -10px !important;margin-left: 0px !important;border-top-width: 0px !important;border-right-width: 0px !important;border-bottom-width: 0px !important;border-left-width: 0px !important;padding-top: 0px !important;padding-right: 0px !important;padding-bottom: [&hellip;]<\/p>\n","protected":false},"author":7,"featured_media":0,"parent":0,"menu_order":0,"comment_status":"closed","ping_status":"open","template":"","meta":{"rs_blank_template":"","rs_page_bg_color":"","slide_template_v7":"","footnotes":""},"class_list":["post-89","page","type-page","status-publish","hentry"],"_links":{"self":[{"href":"https:\/\/babadlo.sk\/bratislava\/wp-json\/wp\/v2\/pages\/89","targetHints":{"allow":["GET"]}}],"collection":[{"href":"https:\/\/babadlo.sk\/bratislava\/wp-json\/wp\/v2\/pages"}],"about":[{"href":"https:\/\/babadlo.sk\/bratislava\/wp-json\/wp\/v2\/types\/page"}],"author":[{"embeddable":true,"href":"https:\/\/babadlo.sk\/bratislava\/wp-json\/wp\/v2\/users\/7"}],"replies":[{"embeddable":true,"href":"https:\/\/babadlo.sk\/bratislava\/wp-json\/wp\/v2\/comments?post=89"}],"version-history":[{"count":19,"href":"https:\/\/babadlo.sk\/bratislava\/wp-json\/wp\/v2\/pages\/89\/revisions"}],"predecessor-version":[{"id":6814,"href":"https:\/\/babadlo.sk\/bratislava\/wp-json\/wp\/v2\/pages\/89\/revisions\/6814"}],"wp:attachment":[{"href":"https:\/\/babadlo.sk\/bratislava\/wp-json\/wp\/v2\/media?parent=89"}],"curies":[{"name":"wp","href":"https:\/\/api.w.org\/{rel}","templated":true}]}}